{"id":1852,"date":"2024-07-30T11:42:17","date_gmt":"2024-07-30T09:42:17","guid":{"rendered":"https:\/\/www.visitbunyola.com\/haendedruck\/"},"modified":"2024-09-05T12:52:33","modified_gmt":"2024-09-05T10:52:33","slug":"haendedruck","status":"publish","type":"page","link":"https:\/\/www.visitbunyola.com\/de\/haendedruck\/","title":{"rendered":"H\u00e4ndedruck"},"content":{"rendered":"\t\t<div data-elementor-type=\"wp-page\" data-elementor-id=\"1852\" class=\"elementor elementor-1852 elementor-392\" data-elementor-post-type=\"page\">\n\t\t\t\t<div class=\"elementor-element elementor-element-3cacaad e-con-full e-flex e-con e-parent\" data-id=\"3cacaad\" data-element_type=\"container\" data-settings=\"{&quot;background_background&quot;:&quot;classic&quot;,&quot;jet_parallax_layout_list&quot;:[]}\">\n\t\t\t\t<div class=\"elementor-element elementor-element-3b9dee3 elementor-widget elementor-widget-heading\" data-id=\"3b9dee3\" data-element_type=\"widget\" data-widget_type=\"heading.default\">\n\t\t\t\t<div class=\"elementor-widget-container\">\n\t\t\t\t\t<h2 class=\"elementor-heading-title elementor-size-default\">H\u00e4ndedruck<\/h2>\t\t\t\t<\/div>\n\t\t\t\t<\/div>\n\t\t\t\t<div class=\"elementor-element elementor-element-596dfab elementor-widget elementor-widget-heading\" data-id=\"596dfab\" data-element_type=\"widget\" data-widget_type=\"heading.default\">\n\t\t\t\t<div class=\"elementor-widget-container\">\n\t\t\t\t\t<h3 class=\"elementor-heading-title elementor-size-default\">Kleinere lokale Einheit seit 1887<\/h3>\t\t\t\t<\/div>\n\t\t\t\t<\/div>\n\t\t\t\t<\/div>\n\t\t<div class=\"elementor-element elementor-element-c46d601 e-flex e-con-boxed e-con e-parent\" data-id=\"c46d601\" data-element_type=\"container\" data-settings=\"{&quot;jet_parallax_layout_list&quot;:[],&quot;background_background&quot;:&quot;classic&quot;}\">\n\t\t\t\t\t<div class=\"e-con-inner\">\n\t\t\t\t<div class=\"elementor-element elementor-element-67da507 elementor-view-default elementor-widget elementor-widget-icon\" data-id=\"67da507\" data-element_type=\"widget\" data-widget_type=\"icon.default\">\n\t\t\t\t<div class=\"elementor-widget-container\">\n\t\t\t\t\t\t\t<div class=\"elementor-icon-wrapper\">\n\t\t\t<div class=\"elementor-icon\">\n\t\t\t<svg xmlns=\"http:\/\/www.w3.org\/2000\/svg\" width=\"38\" height=\"57.143\" viewBox=\"0 0 38 57.143\"><g id=\"floral-design-of-one-leaf-on-a-curved-line-of-branch\" transform=\"translate(-26.019)\"><path id=\"Trazado_303\" data-name=\"Trazado 303\" d=\"M63.957,22.589C63.693,19.978,61.293,0,49.407,0a11.7,11.7,0,0,0-2.662.322,5.381,5.381,0,0,0-3.269,2.9,4.054,4.054,0,0,0-.214,2.739,9.33,9.33,0,0,0-3.483.806,8.909,8.909,0,0,0-4.756,5.1c-2.021,5.58,1.44,9.82,5.557,14.671a9.035,9.035,0,0,0-8.626,1.232,3.677,3.677,0,0,0-2.224-.76,3.713,3.713,0,1,0,3.712,3.713,3.67,3.67,0,0,0-.453-1.738c3.572-2.442,7.608-1.793,11.428,1.911.062.062.148.054.219.089,4.2,4.484,8.228,9.217,6.838,16.085a10.623,10.623,0,0,1-1.4,3.476.127.127,0,0,0-.043.023c-2.983,2.479-5.939,2.662-8.324.516a4.518,4.518,0,0,1-.344-6.371,3.466,3.466,0,0,1,4.88-.26,2.6,2.6,0,0,1,.19,3.674,1.9,1.9,0,0,1-1.185.6,1.514,1.514,0,1,0-2.925-.621,1.478,1.478,0,0,0,.1.621.782.782,0,0,0,.237.726,3.516,3.516,0,0,0,4.959-.27,4.186,4.186,0,0,0-.31-5.915,5.054,5.054,0,0,0-7.124.374,6.11,6.11,0,0,0,.461,8.613,6.868,6.868,0,0,0,4.67,1.911,7.02,7.02,0,0,0,1.23-.128,12.281,12.281,0,0,1-9.809.885,9.9,9.9,0,0,1-6.47-12.4.794.794,0,1,0-1.516-.473,11.486,11.486,0,0,0,7.509,14.39,15,15,0,0,0,4.482.7,13.129,13.129,0,0,0,6.695-1.777,11.818,11.818,0,0,0,5.6-7.987c1.628-8.08-3.484-13.5-7.993-18.281-1.033-1.1-2.056-2.181-2.994-3.284-4.65-5.476-7.2-8.8-5.531-13.406a7.253,7.253,0,0,1,2.755-3.525,6.925,6.925,0,0,0-.635,5.743c1.293,4.959,5.383,5.928,12.009,5.928h0c.468,0,.951-.006,1.455-.015l.384,0c2.351,0,5.226.373,10.324,3.071h0a.816.816,0,0,0,.285.072c.033,0,.056.021.087.021H63.2a.8.8,0,0,0,.815-.794A.716.716,0,0,0,63.957,22.589ZM29.73,32.847a2.122,2.122,0,1,1,2.123-2.124A2.125,2.125,0,0,1,29.73,32.847ZM49.225,18.931c-.97-.028-1.86-.079-2.642-.169l1.95-10.118a18.189,18.189,0,0,1,2.01,1.31ZM52.587,2.243A9.116,9.116,0,0,1,55,3.831L48.113,6.7a8.861,8.861,0,0,0-2.056-.624L52.4,2.406A.944.944,0,0,0,52.587,2.243ZM44.724,7.628a7.712,7.712,0,0,1,1.781.441.809.809,0,0,0,.524,0L45.02,18.51a8.269,8.269,0,0,1-2.334-.834c0-.006.008-.011.008-.017Zm5.221.032,6.245-2.606A17.432,17.432,0,0,1,58.12,7.9L51.79,8.922A20.958,20.958,0,0,0,49.945,7.66Zm8.813,1.748a.514.514,0,0,0,.1-.04c.369.783.7,1.581.993,2.388l-5.042-.207c-.456-.441-.917-.872-1.381-1.283Zm-.753,5.5c-.5-.568-1.019-1.139-1.552-1.7l3.949.163c.245.779.46,1.54.652,2.284l-2.906-.741A.6.6,0,0,0,58.005,14.913Zm-2.765-.673c.626.665,1.242,1.342,1.835,2.026l-.433,3.19a18.592,18.592,0,0,0-1.979-.369ZM58.457,17.9c.855,1.046,1.635,2.056,2.326,2.982a27.736,27.736,0,0,0-2.6-.989Zm1.272-.941,1.744.444c.194.874.349,1.679.473,2.4C61.326,18.969,60.582,18.006,59.73,16.961ZM47.112,1.869a9.978,9.978,0,0,1,2.295-.28,7.725,7.725,0,0,1,1.046.107L44.707,5.023a2.505,2.505,0,0,1,.221-1.154A3.821,3.821,0,0,1,47.112,1.869Zm-6.5,7.871a5.316,5.316,0,0,1,2.443-1.881l-1.76,8.7a5.972,5.972,0,0,1-1.118-2.324A5.426,5.426,0,0,1,40.607,9.74Zm11.469,9.213c-.434.008-.846.011-1.253.011l1.156-7.853q.923.79,1.832,1.681l-.735,6.194c-.2-.006-.382-.037-.578-.037Z\" fill=\"#967145\"><\/path><\/g><\/svg>\t\t\t<\/div>\n\t\t<\/div>\n\t\t\t\t\t\t<\/div>\n\t\t\t\t<\/div>\n\t\t\t\t<div class=\"elementor-element elementor-element-3cce673 elementor-widget elementor-widget-heading\" data-id=\"3cce673\" data-element_type=\"widget\" data-widget_type=\"heading.default\">\n\t\t\t\t<div class=\"elementor-widget-container\">\n\t\t\t\t\t<h2 class=\"elementor-heading-title elementor-size-default\">H\u00e4ndedruck<\/h2>\t\t\t\t<\/div>\n\t\t\t\t<\/div>\n\t\t\t\t<div class=\"elementor-element elementor-element-4828042 elementor-widget elementor-widget-heading\" data-id=\"4828042\" data-element_type=\"widget\" data-widget_type=\"heading.default\">\n\t\t\t\t<div class=\"elementor-widget-container\">\n\t\t\t\t\t<h2 class=\"elementor-heading-title elementor-size-default\">EIN SCHATZ AM FUSSE DER SERRA DE TRAMUNTANA<\/h2>\t\t\t\t<\/div>\n\t\t\t\t<\/div>\n\t\t\t\t<div class=\"elementor-element elementor-element-8aaf488 elementor-widget elementor-widget-text-editor\" data-id=\"8aaf488\" data-element_type=\"widget\" data-widget_type=\"text-editor.default\">\n\t\t\t\t<div class=\"elementor-widget-container\">\n\t\t\t\t\t\t\t\t\t<p>Palmanyola liegt am Fu\u00dfe der majest\u00e4tischen Serra de Tramuntana und ist eine lokale Einheit mit einer reichen Geschichte, die bis ins Mittelalter zur\u00fcckreicht. Diese aus den Besitzt\u00fcmern Sa Font Seca und Son Amar entstandene Urbanisation bietet eine einzigartige Kombination aus Natur, Ruhe und N\u00e4he zu Palma. <\/p>\n\t\t\t\t\t\t\t\t<\/div>\n\t\t\t\t<\/div>\n\t\t\t\t\t<\/div>\n\t\t\t\t<\/div>\n\t\t<div class=\"elementor-element elementor-element-e362e0e e-con-full e-flex e-con e-parent\" data-id=\"e362e0e\" data-element_type=\"container\" data-settings=\"{&quot;background_background&quot;:&quot;classic&quot;,&quot;jet_parallax_layout_list&quot;:[]}\">\n\t\t\t\t<\/div>\n\t\t<div class=\"elementor-element elementor-element-43d2f71 e-flex e-con-boxed e-con e-parent\" data-id=\"43d2f71\" data-element_type=\"container\" data-settings=\"{&quot;jet_parallax_layout_list&quot;:[]}\">\n\t\t\t\t\t<div class=\"e-con-inner\">\n\t\t\t\t<div class=\"elementor-element elementor-element-c993763 elementor-widget elementor-widget-heading\" data-id=\"c993763\" data-element_type=\"widget\" data-widget_type=\"heading.default\">\n\t\t\t\t<div class=\"elementor-widget-container\">\n\t\t\t\t\t<h2 class=\"elementor-heading-title elementor-size-default\">Was gibt es in Palmanyola zu sehen?<\/h2>\t\t\t\t<\/div>\n\t\t\t\t<\/div>\n\t\t\t\t<div class=\"elementor-element elementor-element-70dd3df elementor-widget elementor-widget-heading\" data-id=\"70dd3df\" data-element_type=\"widget\" data-widget_type=\"heading.default\">\n\t\t\t\t<div class=\"elementor-widget-container\">\n\t\t\t\t\t<h2 class=\"elementor-heading-title elementor-size-default\">POINTS OF INTERESSE<\/h2>\t\t\t\t<\/div>\n\t\t\t\t<\/div>\n\t\t\t\t<div class=\"elementor-element elementor-element-676295b elementor-widget elementor-widget-text-editor\" data-id=\"676295b\" data-element_type=\"widget\" data-widget_type=\"text-editor.default\">\n\t\t\t\t<div class=\"elementor-widget-container\">\n\t\t\t\t\t\t\t\t\t<p>In Palmanyola verbindet sich Geschichte mit Natur und modernem Komfort. Im Zentrum des Dorfes finden wir die <strong>Pla\u00e7a Major<\/strong> , einen Treffpunkt f\u00fcr Bewohner und Besucher. Ein Ort, der einst Mittelpunkt von Feiern und Begegnungen war und auch heute noch ein Raum des Zusammenlebens ist.  <\/p>\n<p>Der <strong>Casal de Cultura Jaume Mir<\/strong> ist ein weiterer wesentlicher Punkt. Dieses Kulturzentrum beherbergt einen Mehrzwecksaal, eine Bibliothek mit einem Gaspar Sabater gewidmeten Raum und einen Ausstellungsraum. Ein idealer Ort, um in die lokale Kultur einzutauchen.  <\/p>\n\t\t\t\t\t\t\t\t<\/div>\n\t\t\t\t<\/div>\n\t\t\t\t\t<\/div>\n\t\t\t\t<\/div>\n\t\t<div class=\"elementor-element elementor-element-03c5e50 e-flex e-con-boxed e-con e-parent\" data-id=\"03c5e50\" data-element_type=\"container\" data-settings=\"{&quot;jet_parallax_layout_list&quot;:[],&quot;background_background&quot;:&quot;classic&quot;}\">\n\t\t\t\t\t<div class=\"e-con-inner\">\n\t\t\t\t<div class=\"elementor-element elementor-element-2b2d319 elementor-widget elementor-widget-heading\" data-id=\"2b2d319\" data-element_type=\"widget\" data-widget_type=\"heading.default\">\n\t\t\t\t<div class=\"elementor-widget-container\">\n\t\t\t\t\t<h2 class=\"elementor-heading-title elementor-size-default\">Spazierg\u00e4nge in der Natur  <\/h2>\t\t\t\t<\/div>\n\t\t\t\t<\/div>\n\t\t\t\t<div class=\"elementor-element elementor-element-a20d891 elementor-widget elementor-widget-heading\" data-id=\"a20d891\" data-element_type=\"widget\" data-widget_type=\"heading.default\">\n\t\t\t\t<div class=\"elementor-widget-container\">\n\t\t\t\t\t<h2 class=\"elementor-heading-title elementor-size-default\">AUS PALMANYOLA  <\/h2>\t\t\t\t<\/div>\n\t\t\t\t<\/div>\n\t\t\t\t<div class=\"elementor-element elementor-element-29c9c74 elementor-widget elementor-widget-text-editor\" data-id=\"29c9c74\" data-element_type=\"widget\" data-widget_type=\"text-editor.default\">\n\t\t\t\t<div class=\"elementor-widget-container\">\n\t\t\t\t\t\t\t\t\t<p><strong>Dank der privilegierten Lage von Palmanyola k\u00f6nnen Sie zahlreiche Naturrouten genie\u00dfen. Felder mit Mandel- und Johannisbrotb\u00e4umen umgeben das Dorf und bieten eine malerische Landschaft f\u00fcr ausgedehnte Spazierg\u00e4nge und Wanderungen. <\/strong><\/p>\n\t\t\t\t\t\t\t\t<\/div>\n\t\t\t\t<\/div>\n\t\t<div class=\"elementor-element elementor-element-ee6eeec e-con-full e-flex e-con e-child\" data-id=\"ee6eeec\" data-element_type=\"container\" data-settings=\"{&quot;jet_parallax_layout_list&quot;:[]}\">\n\t\t<div class=\"elementor-element elementor-element-4d63511 e-con-full e-flex e-con e-child\" data-id=\"4d63511\" data-element_type=\"container\" data-settings=\"{&quot;background_background&quot;:&quot;classic&quot;,&quot;jet_parallax_layout_list&quot;:[]}\">\n\t\t<div class=\"elementor-element elementor-element-f9a828b e-con-full e-flex e-con e-child\" data-id=\"f9a828b\" data-element_type=\"container\" data-settings=\"{&quot;jet_parallax_layout_list&quot;:[]}\">\n\t\t<div class=\"elementor-element elementor-element-618e45a e-con-full e-flex e-con e-child\" data-id=\"618e45a\" data-element_type=\"container\" data-settings=\"{&quot;jet_parallax_layout_list&quot;:[]}\">\n\t\t\t\t<div class=\"elementor-element elementor-element-89594c2 elementor-widget elementor-widget-heading\" data-id=\"89594c2\" data-element_type=\"widget\" data-widget_type=\"heading.default\">\n\t\t\t\t<div class=\"elementor-widget-container\">\n\t\t\t\t\t<h3 class=\"elementor-heading-title elementor-size-default\">Der Paseo de Palmanyola<\/h3>\t\t\t\t<\/div>\n\t\t\t\t<\/div>\n\t\t\t\t<div class=\"elementor-element elementor-element-4a5d6f4 elementor-widget elementor-widget-text-editor\" data-id=\"4a5d6f4\" data-element_type=\"widget\" data-widget_type=\"text-editor.default\">\n\t\t\t\t<div class=\"elementor-widget-container\">\n\t\t\t\t\t\t\t\t\t<p><strong>Eines der bemerkenswertesten j\u00fcngsten Projekte ist die neue Promenade, die einen schattigen Bereich mit recycelten B\u00e4nken, einen Pumptrack, einen Calisthenics-Park und einen Hundebereich umfasst. Dieser Spaziergang ist perfekt f\u00fcr die ganze Familie und l\u00e4dt Sie ein, die Natur und die Natur zu genie\u00dfen. <\/strong><\/p>\n\t\t\t\t\t\t\t\t<\/div>\n\t\t\t\t<\/div>\n\t\t\t\t<\/div>\n\t\t\t\t<\/div>\n\t\t\t\t<\/div>\n\t\t\t\t<\/div>\n\t\t\t\t\t<\/div>\n\t\t\t\t<\/div>\n\t\t<div class=\"elementor-element elementor-element-587a740 e-flex e-con-boxed e-con e-parent\" data-id=\"587a740\" data-element_type=\"container\" data-settings=\"{&quot;jet_parallax_layout_list&quot;:[],&quot;background_background&quot;:&quot;classic&quot;}\">\n\t\t\t\t\t<div class=\"e-con-inner\">\n\t\t\t\t<div class=\"elementor-element elementor-element-8e5c47b elementor-widget elementor-widget-heading\" data-id=\"8e5c47b\" data-element_type=\"widget\" data-widget_type=\"heading.default\">\n\t\t\t\t<div class=\"elementor-widget-container\">\n\t\t\t\t\t<h2 class=\"elementor-heading-title elementor-size-default\">Aktivit\u00e4ten und Dienstleistungen<\/h2>\t\t\t\t<\/div>\n\t\t\t\t<\/div>\n\t\t\t\t<div class=\"elementor-element elementor-element-6878d77 elementor-widget elementor-widget-heading\" data-id=\"6878d77\" data-element_type=\"widget\" data-widget_type=\"heading.default\">\n\t\t\t\t<div class=\"elementor-widget-container\">\n\t\t\t\t\t<h2 class=\"elementor-heading-title elementor-size-default\">PALMANYOLA F\u00dcR ALLE<\/h2>\t\t\t\t<\/div>\n\t\t\t\t<\/div>\n\t\t\t\t<div class=\"elementor-element elementor-element-cc94245 elementor-widget elementor-widget-text-editor\" data-id=\"cc94245\" data-element_type=\"widget\" data-widget_type=\"text-editor.default\">\n\t\t\t\t<div class=\"elementor-widget-container\">\n\t\t\t\t\t\t\t\t\t<p><strong>Palmanyola bietet eine breite Palette an Dienstleistungen, die den Besuch zu einem rundum gelungenen Erlebnis machen. Sie finden Restaurants, Friseure, Sch\u00f6nheitssalons, eine Apotheke, B\u00e4ckereien, Metzger, Fertiggerichte, einen Supermarkt, ein Postamt und eine Bank. Die moderne Infrastruktur und die verf\u00fcgbaren Dienstleistungen machen Palmanyola zu mehr als nur einer Urbanisation, sondern zu einer echten Stadt mit Seele und Gef\u00fchl.  <\/strong><\/p>\n\t\t\t\t\t\t\t\t<\/div>\n\t\t\t\t<\/div>\n\t\t\t\t\t<\/div>\n\t\t\t\t<\/div>\n\t\t<div class=\"elementor-element elementor-element-5861529 e-flex e-con-boxed e-con e-parent\" data-id=\"5861529\" data-element_type=\"container\" data-settings=\"{&quot;jet_parallax_layout_list&quot;:[],&quot;background_background&quot;:&quot;classic&quot;}\">\n\t\t\t\t\t<div class=\"e-con-inner\">\n\t\t\t\t<div class=\"elementor-element elementor-element-4c45a40 elementor-widget elementor-widget-heading\" data-id=\"4c45a40\" data-element_type=\"widget\" data-widget_type=\"heading.default\">\n\t\t\t\t<div class=\"elementor-widget-container\">\n\t\t\t\t\t<h2 class=\"elementor-heading-title elementor-size-default\">Eine Stadt mit Geschichte<\/h2>\t\t\t\t<\/div>\n\t\t\t\t<\/div>\n\t\t\t\t<div class=\"elementor-element elementor-element-bba9a95 elementor-widget elementor-widget-heading\" data-id=\"bba9a95\" data-element_type=\"widget\" data-widget_type=\"heading.default\">\n\t\t\t\t<div class=\"elementor-widget-container\">\n\t\t\t\t\t<h2 class=\"elementor-heading-title elementor-size-default\">GESCHICHTE UND ENTWICKLUNG<\/h2>\t\t\t\t<\/div>\n\t\t\t\t<\/div>\n\t\t\t\t<div class=\"elementor-element elementor-element-8de5aaf elementor-widget elementor-widget-text-editor\" data-id=\"8de5aaf\" data-element_type=\"widget\" data-widget_type=\"text-editor.default\">\n\t\t\t\t<div class=\"elementor-widget-container\">\n\t\t\t\t\t\t\t\t\t<p><strong>Von seinen mittelalterlichen Urspr\u00fcngen bis zu seiner Gr\u00fcndung als Kleingemeinde im Jahr 1985 ist Palmanyola dank der Bem\u00fchungen und des Engagements seiner Bewohner gewachsen und hat sich weiterentwickelt. Die Stadt hat eine reiche und dynamische Geschichte, die sich in ihrer Architektur und ihren Traditionen widerspiegelt. <\/strong><\/p>\n<p><strong>Palmanyola ist nicht nur ein Ort zum Leben, sondern auch ein Ort zum F\u00fchlen und Genie\u00dfen. Mit seiner lebendigen Gemeinde und privilegierten Lage ist es der perfekte Ort, um das Herz Mallorcas zu entdecken. <\/strong><\/p>\n\t\t\t\t\t\t\t\t<\/div>\n\t\t\t\t<\/div>\n\t\t\t\t\t<\/div>\n\t\t\t\t<\/div>\n\t\t\t\t<\/div>\n\t\t","protected":false},"excerpt":{"rendered":"<p>H\u00e4ndedruck Kleinere lokale Einheit seit 1887 H\u00e4ndedruck EIN SCHATZ AM FUSSE DER SERRA DE TRAMUNTANA Palmanyola liegt am Fu\u00dfe der majest\u00e4tischen Serra de Tramuntana und ist eine lokale Einheit mit einer reichen Geschichte, die bis ins Mittelalter zur\u00fcckreicht. Diese aus den Besitzt\u00fcmern Sa Font Seca und Son Amar entstandene Urbanisation bietet eine einzigartige Kombination aus [&hellip;]<\/p>\n","protected":false},"author":2,"featured_media":0,"parent":0,"menu_order":0,"comment_status":"closed","ping_status":"closed","template":"","meta":{"_acf_changed":false,"footnotes":""},"class_list":["post-1852","page","type-page","status-publish","hentry"],"acf":[],"_links":{"self":[{"href":"https:\/\/www.visitbunyola.com\/de\/wp-json\/wp\/v2\/pages\/1852","targetHints":{"allow":["GET"]}}],"collection":[{"href":"https:\/\/www.visitbunyola.com\/de\/wp-json\/wp\/v2\/pages"}],"about":[{"href":"https:\/\/www.visitbunyola.com\/de\/wp-json\/wp\/v2\/types\/page"}],"author":[{"embeddable":true,"href":"https:\/\/www.visitbunyola.com\/de\/wp-json\/wp\/v2\/users\/2"}],"replies":[{"embeddable":true,"href":"https:\/\/www.visitbunyola.com\/de\/wp-json\/wp\/v2\/comments?post=1852"}],"version-history":[{"count":1,"href":"https:\/\/www.visitbunyola.com\/de\/wp-json\/wp\/v2\/pages\/1852\/revisions"}],"predecessor-version":[{"id":1856,"href":"https:\/\/www.visitbunyola.com\/de\/wp-json\/wp\/v2\/pages\/1852\/revisions\/1856"}],"wp:attachment":[{"href":"https:\/\/www.visitbunyola.com\/de\/wp-json\/wp\/v2\/media?parent=1852"}],"curies":[{"name":"wp","href":"https:\/\/api.w.org\/{rel}","templated":true}]}}