{"id":1870,"date":"2024-07-26T09:05:39","date_gmt":"2024-07-26T07:05:39","guid":{"rendered":"https:\/\/www.visitbunyola.com\/wanderrouten\/"},"modified":"2024-09-05T12:52:47","modified_gmt":"2024-09-05T10:52:47","slug":"wanderrouten","status":"publish","type":"page","link":"https:\/\/www.visitbunyola.com\/de\/wanderrouten\/","title":{"rendered":"Wanderrouten"},"content":{"rendered":"\t\t<div data-elementor-type=\"wp-page\" data-elementor-id=\"1870\" class=\"elementor elementor-1870 elementor-321\" data-elementor-post-type=\"page\">\n\t\t\t\t<div class=\"elementor-element elementor-element-31e0ebd7 e-con-full e-flex e-con e-parent\" data-id=\"31e0ebd7\" data-element_type=\"container\" data-settings=\"{&quot;background_background&quot;:&quot;classic&quot;,&quot;jet_parallax_layout_list&quot;:[]}\">\n\t\t\t\t<div class=\"elementor-element elementor-element-219fd7cc elementor-widget elementor-widget-heading\" data-id=\"219fd7cc\" data-element_type=\"widget\" data-widget_type=\"heading.default\">\n\t\t\t\t<div class=\"elementor-widget-container\">\n\t\t\t\t\t<h2 class=\"elementor-heading-title elementor-size-default\">wandern<\/h2>\t\t\t\t<\/div>\n\t\t\t\t<\/div>\n\t\t\t\t<div class=\"elementor-element elementor-element-315e719d elementor-widget elementor-widget-heading\" data-id=\"315e719d\" data-element_type=\"widget\" data-widget_type=\"heading.default\">\n\t\t\t\t<div class=\"elementor-widget-container\">\n\t\t\t\t\t<h3 class=\"elementor-heading-title elementor-size-default\">IN BUNYOLA UND UMGEBUNG  <\/h3>\t\t\t\t<\/div>\n\t\t\t\t<\/div>\n\t\t\t\t<\/div>\n\t\t<div class=\"elementor-element elementor-element-6f8bbf34 e-flex e-con-boxed e-con e-parent\" data-id=\"6f8bbf34\" data-element_type=\"container\" data-settings=\"{&quot;jet_parallax_layout_list&quot;:[],&quot;background_background&quot;:&quot;classic&quot;}\">\n\t\t\t\t\t<div class=\"e-con-inner\">\n\t\t\t\t<div class=\"elementor-element elementor-element-2a24a91e elementor-widget elementor-widget-heading\" data-id=\"2a24a91e\" data-element_type=\"widget\" data-widget_type=\"heading.default\">\n\t\t\t\t<div class=\"elementor-widget-container\">\n\t\t\t\t\t<h2 class=\"elementor-heading-title elementor-size-default\">Ausfl\u00fcge  <\/h2>\t\t\t\t<\/div>\n\t\t\t\t<\/div>\n\t\t\t\t<div class=\"elementor-element elementor-element-29702685 elementor-widget elementor-widget-heading\" data-id=\"29702685\" data-element_type=\"widget\" data-widget_type=\"heading.default\">\n\t\t\t\t<div class=\"elementor-widget-container\">\n\t\t\t\t\t<h2 class=\"elementor-heading-title elementor-size-default\">BUNYOLA ENTDECKEN  <\/h2>\t\t\t\t<\/div>\n\t\t\t\t<\/div>\n\t\t\t\t<div class=\"elementor-element elementor-element-2c364358 elementor-widget elementor-widget-text-editor\" data-id=\"2c364358\" data-element_type=\"widget\" data-widget_type=\"text-editor.default\">\n\t\t\t\t<div class=\"elementor-widget-container\">\n\t\t\t\t\t\t\t\t\t<p><strong><a title=\"Krapfen\" href=\"https:\/\/www.visitbunyola.com\/ca\/\">Bunyola<\/a> , inmitten der Serra de Tramuntana, ist eines der besten Wanderziele auf Mallorca. Seine Bergpfade, Pfade, T\u00e4ler und B\u00e4che bilden Naturlandschaften, die einer Postkarte w\u00fcrdig sind. <\/strong><\/p>\n\t\t\t\t\t\t\t\t<\/div>\n\t\t\t\t<\/div>\n\t\t\t\t<div class=\"elementor-element elementor-element-2e9c074c elementor-widget elementor-widget-text-editor\" data-id=\"2e9c074c\" data-element_type=\"widget\" data-widget_type=\"text-editor.default\">\n\t\t\t\t<div class=\"elementor-widget-container\">\n\t\t\t\t\t\t\t\t\t<p>Nachfolgend schlagen wir Wanderrouten f\u00fcr alle Schwierigkeitsgrade vor, auf denen Sie Enklaven mit viel Charme entdecken k\u00f6nnen, wie zum Beispiel den Freu-Sprung oder die Burg Alar\u00f3.<\/p>\n\t\t\t\t\t\t\t\t<\/div>\n\t\t\t\t<\/div>\n\t\t\t\t<div class=\"elementor-element elementor-element-4cc3b571 elementor-widget elementor-widget-heading\" data-id=\"4cc3b571\" data-element_type=\"widget\" data-widget_type=\"heading.default\">\n\t\t\t\t<div class=\"elementor-widget-container\">\n\t\t\t\t\t<h5 class=\"elementor-heading-title elementor-size-default\">Spazieren Sie durch Bunyola  <\/h5>\t\t\t\t<\/div>\n\t\t\t\t<\/div>\n\t\t\t\t\t<\/div>\n\t\t\t\t<\/div>\n\t\t<div class=\"elementor-element elementor-element-400274d2 e-flex e-con-boxed e-con e-parent\" data-id=\"400274d2\" data-element_type=\"container\" data-settings=\"{&quot;jet_parallax_layout_list&quot;:[]}\">\n\t\t\t\t\t<div class=\"e-con-inner\">\n\t\t\t\t<div class=\"elementor-element elementor-element-5a377fd8 elementor-widget elementor-widget-heading\" data-id=\"5a377fd8\" data-element_type=\"widget\" data-widget_type=\"heading.default\">\n\t\t\t\t<div class=\"elementor-widget-container\">\n\t\t\t\t\t<h2 class=\"elementor-heading-title elementor-size-default\">Wanderrouten  <\/h2>\t\t\t\t<\/div>\n\t\t\t\t<\/div>\n\t\t\t\t<div class=\"elementor-element elementor-element-557720ac elementor-widget elementor-widget-heading\" data-id=\"557720ac\" data-element_type=\"widget\" data-widget_type=\"heading.default\">\n\t\t\t\t<div class=\"elementor-widget-container\">\n\t\t\t\t\t<h2 class=\"elementor-heading-title elementor-size-default\">F\u00dcR ALLE NIVEAUS  <\/h2>\t\t\t\t<\/div>\n\t\t\t\t<\/div>\n\t\t\t\t\t<\/div>\n\t\t\t\t<\/div>\n\t\t<div class=\"elementor-element elementor-element-4791d0c9 e-flex e-con-boxed e-con e-parent\" data-id=\"4791d0c9\" data-element_type=\"container\" data-settings=\"{&quot;jet_parallax_layout_list&quot;:[]}\">\n\t\t\t\t\t<div class=\"e-con-inner\">\n\t\t<div class=\"elementor-element elementor-element-d964601 e-con-full e-flex e-con e-child\" data-id=\"d964601\" data-element_type=\"container\" data-settings=\"{&quot;background_background&quot;:&quot;classic&quot;,&quot;jet_parallax_layout_list&quot;:[]}\">\n\t\t\t\t<div class=\"elementor-element elementor-element-7de614 elementor-cta--layout-image-above elementor-cta--valign-top elementor-cta--skin-classic elementor-animated-content elementor-bg-transform elementor-bg-transform-zoom-in elementor-widget elementor-widget-call-to-action\" data-id=\"7de614\" data-element_type=\"widget\" data-widget_type=\"call-to-action.default\">\n\t\t\t\t<div class=\"elementor-widget-container\">\n\t\t\t\t\t\t\t<div class=\"elementor-cta\">\n\t\t\t\t\t<div class=\"elementor-cta__bg-wrapper\">\n\t\t\t\t<div class=\"elementor-cta__bg elementor-bg\" style=\"background-image: url(https:\/\/www.visitbunyola.com\/wp-content\/uploads\/2024\/07\/camino.jpg);\" role=\"img\" aria-label=\"camino\"><\/div>\n\t\t\t\t<div class=\"elementor-cta__bg-overlay\"><\/div>\n\t\t\t<\/div>\n\t\t\t\t\t\t\t<div class=\"elementor-cta__content\">\n\t\t\t\t\n\t\t\t\t\t\t\t\t\t<h3 class=\"elementor-cta__title elementor-cta__content-item elementor-content-item\">\n\t\t\t\t\t\tGemeinde Bunyola\t\t\t\t\t<\/h3>\n\t\t\t\t\n\t\t\t\t\t\t\t\t\t<div class=\"elementor-cta__description elementor-cta__content-item elementor-content-item\">\n\t\t\t\t\t\t<p>Der Wald von <a href=\"#\">Sa Comuna de Bunyola<\/a> eignet sich ideal zum Wandern. Auf seinen Wegen finden Sie Wanderrouten aller Schwierigkeitsgrade, auf denen Sie die Natur der Bergkette entdecken k\u00f6nnen. Einige dieser Routen haben einen gro\u00dfen historischen Wert, dank der ethnologischen \u00dcberreste, die Sie entlang der Route finden: alte Brot- und Kalk\u00f6fen, Holzkohleh\u00fctten, Silos ...    <\/p>\n<div><strong>SCHWIERIGKEIT<\/strong> : Leicht \/ Mittel<\/div>\n<p><\/p>\n<div><strong>Ungef\u00e4hre Dauer<\/strong> : 1 Stunde 30 Minuten \/ 6 Stunden<\/div>\n<p><\/p>\n\t\t\t\t\t<\/div>\n\t\t\t\t\n\t\t\t\t\t\t\t\t\t<div class=\"elementor-cta__button-wrapper elementor-cta__content-item elementor-content-item \">\n\t\t\t\t\t<a class=\"elementor-cta__button elementor-button elementor-size-\" href=\"https:\/\/www.visitbunyola.com\/sa-comuna\/\" target=\"_blank\">\n\t\t\t\t\t\tSEHEN SIE SICH DIE ROUTEN AN\t\t\t\t\t<\/a>\n\t\t\t\t\t<\/div>\n\t\t\t\t\t\t\t<\/div>\n\t\t\t\t\t\t\t<div class=\"elementor-ribbon elementor-ribbon-left\">\n\t\t\t\t<div class=\"elementor-ribbon-inner\">01<\/div>\n\t\t\t<\/div>\n\t\t\t\t<\/div>\n\t\t\t\t\t\t<\/div>\n\t\t\t\t<\/div>\n\t\t\t\t<\/div>\n\t\t<div class=\"elementor-element elementor-element-75091ecd e-con-full e-flex e-con e-child\" data-id=\"75091ecd\" data-element_type=\"container\" data-settings=\"{&quot;background_background&quot;:&quot;classic&quot;,&quot;jet_parallax_layout_list&quot;:[]}\">\n\t\t\t\t<div class=\"elementor-element elementor-element-7aab5ea4 elementor-cta--layout-image-above elementor-cta--valign-top elementor-cta--skin-classic elementor-animated-content elementor-bg-transform elementor-bg-transform-zoom-in elementor-widget elementor-widget-call-to-action\" data-id=\"7aab5ea4\" data-element_type=\"widget\" data-widget_type=\"call-to-action.default\">\n\t\t\t\t<div class=\"elementor-widget-container\">\n\t\t\t\t\t\t\t<div class=\"elementor-cta\">\n\t\t\t\t\t<div class=\"elementor-cta__bg-wrapper\">\n\t\t\t\t<div class=\"elementor-cta__bg elementor-bg\" style=\"background-image: url(https:\/\/www.visitbunyola.com\/wp-content\/uploads\/2024\/07\/bg_senal-1024x469.webp);\" role=\"img\" aria-label=\"bg_senal\"><\/div>\n\t\t\t\t<div class=\"elementor-cta__bg-overlay\"><\/div>\n\t\t\t<\/div>\n\t\t\t\t\t\t\t<div class=\"elementor-cta__content\">\n\t\t\t\t\n\t\t\t\t\t\t\t\t\t<h3 class=\"elementor-cta__title elementor-cta__content-item elementor-content-item\">\n\t\t\t\t\t\tSchloss von Alar\u00f3\t\t\t\t\t<\/h3>\n\t\t\t\t\n\t\t\t\t\t\t\t\t\t<div class=\"elementor-cta__description elementor-cta__content-item elementor-content-item\">\n\t\t\t\t\t\t<p>Von dem kleinen Dorf Orient aus k\u00f6nnen Sie zur Burg von Alar\u00f3 laufen, einer der drei \u201eRoquer\u201c-Schl\u00f6sser (auf den Felsen) auf Mallorca. Oben angekommen k\u00f6nnen Sie zwischen den \u00dcberresten der Burg spazieren und einen herrlichen Panoramablick auf die Serra de Tramuntana genie\u00dfen.   <\/p>\n<div><strong>SCHWIERIGKEIT<\/strong> : Mittel<\/div>\n<p><\/p>\n<div><strong>Ungef\u00e4hre Dauer<\/strong> : 3 Stunden und 30 Minuten<\/div>\n<p><\/p>\n\t\t\t\t\t<\/div>\n\t\t\t\t\n\t\t\t\t\t\t\t\t\t<div class=\"elementor-cta__button-wrapper elementor-cta__content-item elementor-content-item \">\n\t\t\t\t\t<a class=\"elementor-cta__button elementor-button elementor-size-\" href=\"https:\/\/www.visitbunyola.com\/wp-content\/uploads\/2024\/07\/orient-castell_alaro-orient-scaled.jpg\" target=\"_blank\">\n\t\t\t\t\t\tROUTE HERUNTERLADEN\t\t\t\t\t<\/a>\n\t\t\t\t\t<\/div>\n\t\t\t\t\t\t\t<\/div>\n\t\t\t\t\t\t\t<div class=\"elementor-ribbon elementor-ribbon-left\">\n\t\t\t\t<div class=\"elementor-ribbon-inner\">02<\/div>\n\t\t\t<\/div>\n\t\t\t\t<\/div>\n\t\t\t\t\t\t<\/div>\n\t\t\t\t<\/div>\n\t\t\t\t<\/div>\n\t\t\t\t\t<\/div>\n\t\t\t\t<\/div>\n\t\t<div class=\"elementor-element elementor-element-ca5a50 e-flex e-con-boxed e-con e-parent\" data-id=\"ca5a50\" data-element_type=\"container\" data-settings=\"{&quot;jet_parallax_layout_list&quot;:[]}\">\n\t\t\t\t\t<div class=\"e-con-inner\">\n\t\t<div class=\"elementor-element elementor-element-7d6ed26e e-con-full e-flex e-con e-child\" data-id=\"7d6ed26e\" data-element_type=\"container\" data-settings=\"{&quot;background_background&quot;:&quot;classic&quot;,&quot;jet_parallax_layout_list&quot;:[]}\">\n\t\t\t\t<div class=\"elementor-element elementor-element-77cf76e8 elementor-cta--layout-image-above elementor-cta--valign-top elementor-cta--skin-classic elementor-animated-content elementor-bg-transform elementor-bg-transform-zoom-in elementor-widget elementor-widget-call-to-action\" data-id=\"77cf76e8\" data-element_type=\"widget\" data-widget_type=\"call-to-action.default\">\n\t\t\t\t<div class=\"elementor-widget-container\">\n\t\t\t\t\t\t\t<div class=\"elementor-cta\">\n\t\t\t\t\t<div class=\"elementor-cta__bg-wrapper\">\n\t\t\t\t<div class=\"elementor-cta__bg elementor-bg\" style=\"background-image: url(https:\/\/www.visitbunyola.com\/wp-content\/uploads\/2024\/07\/raixa.jpg);\" role=\"img\" aria-label=\"raixa\"><\/div>\n\t\t\t\t<div class=\"elementor-cta__bg-overlay\"><\/div>\n\t\t\t<\/div>\n\t\t\t\t\t\t\t<div class=\"elementor-cta__content\">\n\t\t\t\t\n\t\t\t\t\t\t\t\t\t<h3 class=\"elementor-cta__title elementor-cta__content-item elementor-content-item\">\n\t\t\t\t\t\tRaixa und Raixeta\t\t\t\t\t<\/h3>\n\t\t\t\t\n\t\t\t\t\t\t\t\t\t<div class=\"elementor-cta__description elementor-cta__content-item elementor-content-item\">\n\t\t\t\t\t\t<p>Vom \u00f6ffentlichen Bauernhof von Raixa aus gelangt man \u00fcber breite Wege nach Raixeta, einem alten Bauernhof aus dem Jahr 1750. Obwohl von Raixeta nur noch die Ruinen \u00fcbrig sind, k\u00f6nnen Sie Originalelemente des Anwesens sehen, wie das Wappen des Eigent\u00fcmer des Hauses, die Familie Despuig. Der Ausflug zu diesem alten Anwesen ist sehr einfach und daher ideal f\u00fcr Familien.    <\/p>\n<div><strong>SCHWIERIGKEIT<\/strong> : Sehr einfach<\/div>\n<p><\/p>\n<div><strong>Ungef\u00e4hre Dauer<\/strong> : 2 Stunden und 45 Minuten<\/div>\n<p><\/p>\n\t\t\t\t\t<\/div>\n\t\t\t\t\n\t\t\t\t\t\t\t\t\t<div class=\"elementor-cta__button-wrapper elementor-cta__content-item elementor-content-item \">\n\t\t\t\t\t<a class=\"elementor-cta__button elementor-button elementor-size-\" href=\"https:\/\/www.visitbunyola.com\/wp-content\/uploads\/2024\/07\/raixa-raixeta-raixa-scaled.jpg\" target=\"_blank\">\n\t\t\t\t\t\tROUTE HERUNTERLADEN\t\t\t\t\t<\/a>\n\t\t\t\t\t<\/div>\n\t\t\t\t\t\t\t<\/div>\n\t\t\t\t\t\t\t<div class=\"elementor-ribbon elementor-ribbon-left\">\n\t\t\t\t<div class=\"elementor-ribbon-inner\">03<\/div>\n\t\t\t<\/div>\n\t\t\t\t<\/div>\n\t\t\t\t\t\t<\/div>\n\t\t\t\t<\/div>\n\t\t\t\t<\/div>\n\t\t<div class=\"elementor-element elementor-element-19419ac5 e-con-full e-flex e-con e-child\" data-id=\"19419ac5\" data-element_type=\"container\" data-settings=\"{&quot;background_background&quot;:&quot;classic&quot;,&quot;jet_parallax_layout_list&quot;:[]}\">\n\t\t\t\t<div class=\"elementor-element elementor-element-5e1c2adf elementor-cta--layout-image-above elementor-cta--valign-top elementor-cta--skin-classic elementor-animated-content elementor-bg-transform elementor-bg-transform-zoom-in elementor-widget elementor-widget-call-to-action\" data-id=\"5e1c2adf\" data-element_type=\"widget\" data-widget_type=\"call-to-action.default\">\n\t\t\t\t<div class=\"elementor-widget-container\">\n\t\t\t\t\t\t\t<div class=\"elementor-cta\">\n\t\t\t\t\t<div class=\"elementor-cta__bg-wrapper\">\n\t\t\t\t<div class=\"elementor-cta__bg elementor-bg\" style=\"background-image: url(https:\/\/www.visitbunyola.com\/wp-content\/uploads\/2024\/07\/cascada.jpg);\" role=\"img\" aria-label=\"cascada\"><\/div>\n\t\t\t\t<div class=\"elementor-cta__bg-overlay\"><\/div>\n\t\t\t<\/div>\n\t\t\t\t\t\t\t<div class=\"elementor-cta__content\">\n\t\t\t\t\n\t\t\t\t\t\t\t\t\t<h3 class=\"elementor-cta__title elementor-cta__content-item elementor-content-item\">\n\t\t\t\t\t\tSprung von Freu-Orient\t\t\t\t\t<\/h3>\n\t\t\t\t\n\t\t\t\t\t\t\t\t\t<div class=\"elementor-cta__description elementor-cta__content-item elementor-content-item\">\n\t\t\t\t\t\t<p>Der nat\u00fcrliche Wasserfall Salt des Freu und die Sch\u00f6nheit des umliegenden Eichenwaldes machen diese Wanderung zu einer der sch\u00f6nsten der Insel. Um zu dieser idyllischen Enklave zu gelangen, m\u00fcssen Sie durch das Dorf Orient fahren. Dort angekommen geht es \u00fcber einen Weg durch Weinberge hinauf zum Pass von s'Estal\u00f3, dem h\u00f6chsten Punkt der Route. Wenn Sie die Route fortsetzen, werden Sie in der Regenzeit bald das Wasser des Baches h\u00f6ren, das Ihnen sagt, dass Sie Ihrem Ziel nahe sind.    <\/p>\n<div><strong>SCHWIERIGKEIT<\/strong> : Leicht \/ Mittel<\/div>\n<p><\/p>\n<div><strong>Ungef\u00e4hre Dauer<\/strong> : 2 Std. 30 Min. \/ 3 Std<\/div>\n<p><\/p>\n\t\t\t\t\t<\/div>\n\t\t\t\t\n\t\t\t\t\t\t\t\t\t<div class=\"elementor-cta__button-wrapper elementor-cta__content-item elementor-content-item \">\n\t\t\t\t\t<a class=\"elementor-cta__button elementor-button elementor-size-\" href=\"https:\/\/www.visitbunyola.com\/wp-content\/uploads\/2024\/07\/orient-pas_estalo-salt_freu-orient-scaled.jpg\" target=\"_blank\">\n\t\t\t\t\t\tROUTE HERUNTERLADEN\t\t\t\t\t<\/a>\n\t\t\t\t\t<\/div>\n\t\t\t\t\t\t\t<\/div>\n\t\t\t\t\t\t\t<div class=\"elementor-ribbon elementor-ribbon-left\">\n\t\t\t\t<div class=\"elementor-ribbon-inner\">04<\/div>\n\t\t\t<\/div>\n\t\t\t\t<\/div>\n\t\t\t\t\t\t<\/div>\n\t\t\t\t<\/div>\n\t\t\t\t<\/div>\n\t\t\t\t\t<\/div>\n\t\t\t\t<\/div>\n\t\t<div class=\"elementor-element elementor-element-1b8588e e-flex e-con-boxed e-con e-parent\" data-id=\"1b8588e\" data-element_type=\"container\" data-settings=\"{&quot;jet_parallax_layout_list&quot;:[]}\">\n\t\t\t\t\t<div class=\"e-con-inner\">\n\t\t<div class=\"elementor-element elementor-element-9fe010d e-con-full e-flex e-con e-child\" data-id=\"9fe010d\" data-element_type=\"container\" data-settings=\"{&quot;background_background&quot;:&quot;classic&quot;,&quot;jet_parallax_layout_list&quot;:[]}\">\n\t\t\t\t<div class=\"elementor-element elementor-element-052fe70 elementor-cta--layout-image-above elementor-cta--valign-top elementor-cta--skin-classic elementor-animated-content elementor-bg-transform elementor-bg-transform-zoom-in elementor-widget elementor-widget-call-to-action\" data-id=\"052fe70\" data-element_type=\"widget\" data-widget_type=\"call-to-action.default\">\n\t\t\t\t<div class=\"elementor-widget-container\">\n\t\t\t\t\t\t\t<div class=\"elementor-cta\">\n\t\t\t\t\t<div class=\"elementor-cta__bg-wrapper\">\n\t\t\t\t<div class=\"elementor-cta__bg elementor-bg\" style=\"background-image: url(https:\/\/www.visitbunyola.com\/wp-content\/uploads\/2024\/07\/alqueria.jpg);\" role=\"img\" aria-label=\"alqueria\"><\/div>\n\t\t\t\t<div class=\"elementor-cta__bg-overlay\"><\/div>\n\t\t\t<\/div>\n\t\t\t\t\t\t\t<div class=\"elementor-cta__content\">\n\t\t\t\t\n\t\t\t\t\t\t\t\t\t<h3 class=\"elementor-cta__title elementor-cta__content-item elementor-content-item\">\n\t\t\t\t\t\tPuig de s'Alqueria (Sa G\u00fabia)\t\t\t\t\t<\/h3>\n\t\t\t\t\n\t\t\t\t\t\t\t\t\t<div class=\"elementor-cta__description elementor-cta__content-item elementor-content-item\">\n\t\t\t\t\t\t<p>Diese Route f\u00fchrt Sie zum H\u00fcgel von s'Alqueria, auch bekannt als Sa G\u00fabia. Ein Ausflug, der sich aufgrund der Sch\u00f6nheit der Route lohnt. \u00dcber Bergpfade, Eichen- und Olivenhaine erreichen Sie die Spitze des H\u00fcgels. Dort empfehlen wir einen Halt, um die Aussicht auf die Berge zu genie\u00dfen und auf den Steinb\u00e4nken auszuruhen.     <\/p>\n<div><strong>SCHWIERIGKEIT<\/strong> : Sehr mittel<\/div>\n<p><\/p>\n<div><strong>Ungef\u00e4hre Dauer<\/strong> : 4 Stunden<\/div>\n<p><\/p>\n\t\t\t\t\t<\/div>\n\t\t\t\t\n\t\t\t\t\t\t\t\t\t<div class=\"elementor-cta__button-wrapper elementor-cta__content-item elementor-content-item \">\n\t\t\t\t\t<a class=\"elementor-cta__button elementor-button elementor-size-\" href=\"https:\/\/www.visitbunyola.com\/wp-content\/uploads\/2024\/07\/puig_alqueria-scaled.jpg\" target=\"_blank\">\n\t\t\t\t\t\tROUTE HERUNTERLADEN\t\t\t\t\t<\/a>\n\t\t\t\t\t<\/div>\n\t\t\t\t\t\t\t<\/div>\n\t\t\t\t\t\t\t<div class=\"elementor-ribbon elementor-ribbon-left\">\n\t\t\t\t<div class=\"elementor-ribbon-inner\">05<\/div>\n\t\t\t<\/div>\n\t\t\t\t<\/div>\n\t\t\t\t\t\t<\/div>\n\t\t\t\t<\/div>\n\t\t\t\t<\/div>\n\t\t<div class=\"elementor-element elementor-element-528cc99 e-con-full e-flex e-con e-child\" data-id=\"528cc99\" data-element_type=\"container\" data-settings=\"{&quot;background_background&quot;:&quot;classic&quot;,&quot;jet_parallax_layout_list&quot;:[]}\">\n\t\t\t\t<\/div>\n\t\t\t\t\t<\/div>\n\t\t\t\t<\/div>\n\t\t\t\t<\/div>\n\t\t","protected":false},"excerpt":{"rendered":"<p>wandern IN BUNYOLA UND UMGEBUNG Ausfl\u00fcge BUNYOLA ENTDECKEN Bunyola , inmitten der Serra de Tramuntana, ist eines der besten Wanderziele auf Mallorca. Seine Bergpfade, Pfade, T\u00e4ler und B\u00e4che bilden Naturlandschaften, die einer Postkarte w\u00fcrdig sind. Nachfolgend schlagen wir Wanderrouten f\u00fcr alle Schwierigkeitsgrade vor, auf denen Sie Enklaven mit viel Charme entdecken k\u00f6nnen, wie zum Beispiel [&hellip;]<\/p>\n","protected":false},"author":1,"featured_media":0,"parent":0,"menu_order":0,"comment_status":"closed","ping_status":"closed","template":"","meta":{"_acf_changed":false,"footnotes":""},"class_list":["post-1870","page","type-page","status-publish","hentry"],"acf":[],"_links":{"self":[{"href":"https:\/\/www.visitbunyola.com\/de\/wp-json\/wp\/v2\/pages\/1870","targetHints":{"allow":["GET"]}}],"collection":[{"href":"https:\/\/www.visitbunyola.com\/de\/wp-json\/wp\/v2\/pages"}],"about":[{"href":"https:\/\/www.visitbunyola.com\/de\/wp-json\/wp\/v2\/types\/page"}],"author":[{"embeddable":true,"href":"https:\/\/www.visitbunyola.com\/de\/wp-json\/wp\/v2\/users\/1"}],"replies":[{"embeddable":true,"href":"https:\/\/www.visitbunyola.com\/de\/wp-json\/wp\/v2\/comments?post=1870"}],"version-history":[{"count":2,"href":"https:\/\/www.visitbunyola.com\/de\/wp-json\/wp\/v2\/pages\/1870\/revisions"}],"predecessor-version":[{"id":1878,"href":"https:\/\/www.visitbunyola.com\/de\/wp-json\/wp\/v2\/pages\/1870\/revisions\/1878"}],"wp:attachment":[{"href":"https:\/\/www.visitbunyola.com\/de\/wp-json\/wp\/v2\/media?parent=1870"}],"curies":[{"name":"wp","href":"https:\/\/api.w.org\/{rel}","templated":true}]}}