{"id":1857,"date":"2024-07-30T13:05:48","date_gmt":"2024-07-30T11:05:48","guid":{"rendered":"https:\/\/www.visitbunyola.com\/down-from-puig\/"},"modified":"2024-09-05T12:52:31","modified_gmt":"2024-09-05T10:52:31","slug":"down-from-puig","status":"publish","type":"page","link":"https:\/\/www.visitbunyola.com\/en\/down-from-puig\/","title":{"rendered":"Down from Puig"},"content":{"rendered":"\t\t<div data-elementor-type=\"wp-page\" data-elementor-id=\"1857\" class=\"elementor elementor-1857 elementor-411\" data-elementor-post-type=\"page\">\n\t\t\t\t<div class=\"elementor-element elementor-element-f13a910 e-con-full e-flex e-con e-parent\" data-id=\"f13a910\" data-element_type=\"container\" data-settings=\"{&quot;background_background&quot;:&quot;classic&quot;,&quot;jet_parallax_layout_list&quot;:[]}\">\n\t\t\t\t<div class=\"elementor-element elementor-element-eae2478 elementor-widget elementor-widget-heading\" data-id=\"eae2478\" data-element_type=\"widget\" data-widget_type=\"heading.default\">\n\t\t\t\t<div class=\"elementor-widget-container\">\n\t\t\t\t\t<h2 class=\"elementor-heading-title elementor-size-default\">Down from Puig  <\/h2>\t\t\t\t<\/div>\n\t\t\t\t<\/div>\n\t\t\t\t<div class=\"elementor-element elementor-element-41df7eb elementor-widget elementor-widget-heading\" data-id=\"41df7eb\" data-element_type=\"widget\" data-widget_type=\"heading.default\">\n\t\t\t\t<div class=\"elementor-widget-container\">\n\t\t\t\t\t<h3 class=\"elementor-heading-title elementor-size-default\">BELOW THE PUIG DE LA ESTREMERA<\/h3>\t\t\t\t<\/div>\n\t\t\t\t<\/div>\n\t\t\t\t<\/div>\n\t\t<div class=\"elementor-element elementor-element-571b87a e-flex e-con-boxed e-con e-parent\" data-id=\"571b87a\" data-element_type=\"container\" data-settings=\"{&quot;jet_parallax_layout_list&quot;:[],&quot;background_background&quot;:&quot;classic&quot;}\">\n\t\t\t\t\t<div class=\"e-con-inner\">\n\t\t\t\t<div class=\"elementor-element elementor-element-0a52b53 elementor-view-default elementor-widget elementor-widget-icon\" data-id=\"0a52b53\" data-element_type=\"widget\" data-widget_type=\"icon.default\">\n\t\t\t\t<div class=\"elementor-widget-container\">\n\t\t\t\t\t\t\t<div class=\"elementor-icon-wrapper\">\n\t\t\t<div class=\"elementor-icon\">\n\t\t\t<svg xmlns=\"http:\/\/www.w3.org\/2000\/svg\" width=\"38\" height=\"57.143\" viewBox=\"0 0 38 57.143\"><g id=\"floral-design-of-one-leaf-on-a-curved-line-of-branch\" transform=\"translate(-26.019)\"><path id=\"Trazado_303\" data-name=\"Trazado 303\" d=\"M63.957,22.589C63.693,19.978,61.293,0,49.407,0a11.7,11.7,0,0,0-2.662.322,5.381,5.381,0,0,0-3.269,2.9,4.054,4.054,0,0,0-.214,2.739,9.33,9.33,0,0,0-3.483.806,8.909,8.909,0,0,0-4.756,5.1c-2.021,5.58,1.44,9.82,5.557,14.671a9.035,9.035,0,0,0-8.626,1.232,3.677,3.677,0,0,0-2.224-.76,3.713,3.713,0,1,0,3.712,3.713,3.67,3.67,0,0,0-.453-1.738c3.572-2.442,7.608-1.793,11.428,1.911.062.062.148.054.219.089,4.2,4.484,8.228,9.217,6.838,16.085a10.623,10.623,0,0,1-1.4,3.476.127.127,0,0,0-.043.023c-2.983,2.479-5.939,2.662-8.324.516a4.518,4.518,0,0,1-.344-6.371,3.466,3.466,0,0,1,4.88-.26,2.6,2.6,0,0,1,.19,3.674,1.9,1.9,0,0,1-1.185.6,1.514,1.514,0,1,0-2.925-.621,1.478,1.478,0,0,0,.1.621.782.782,0,0,0,.237.726,3.516,3.516,0,0,0,4.959-.27,4.186,4.186,0,0,0-.31-5.915,5.054,5.054,0,0,0-7.124.374,6.11,6.11,0,0,0,.461,8.613,6.868,6.868,0,0,0,4.67,1.911,7.02,7.02,0,0,0,1.23-.128,12.281,12.281,0,0,1-9.809.885,9.9,9.9,0,0,1-6.47-12.4.794.794,0,1,0-1.516-.473,11.486,11.486,0,0,0,7.509,14.39,15,15,0,0,0,4.482.7,13.129,13.129,0,0,0,6.695-1.777,11.818,11.818,0,0,0,5.6-7.987c1.628-8.08-3.484-13.5-7.993-18.281-1.033-1.1-2.056-2.181-2.994-3.284-4.65-5.476-7.2-8.8-5.531-13.406a7.253,7.253,0,0,1,2.755-3.525,6.925,6.925,0,0,0-.635,5.743c1.293,4.959,5.383,5.928,12.009,5.928h0c.468,0,.951-.006,1.455-.015l.384,0c2.351,0,5.226.373,10.324,3.071h0a.816.816,0,0,0,.285.072c.033,0,.056.021.087.021H63.2a.8.8,0,0,0,.815-.794A.716.716,0,0,0,63.957,22.589ZM29.73,32.847a2.122,2.122,0,1,1,2.123-2.124A2.125,2.125,0,0,1,29.73,32.847ZM49.225,18.931c-.97-.028-1.86-.079-2.642-.169l1.95-10.118a18.189,18.189,0,0,1,2.01,1.31ZM52.587,2.243A9.116,9.116,0,0,1,55,3.831L48.113,6.7a8.861,8.861,0,0,0-2.056-.624L52.4,2.406A.944.944,0,0,0,52.587,2.243ZM44.724,7.628a7.712,7.712,0,0,1,1.781.441.809.809,0,0,0,.524,0L45.02,18.51a8.269,8.269,0,0,1-2.334-.834c0-.006.008-.011.008-.017Zm5.221.032,6.245-2.606A17.432,17.432,0,0,1,58.12,7.9L51.79,8.922A20.958,20.958,0,0,0,49.945,7.66Zm8.813,1.748a.514.514,0,0,0,.1-.04c.369.783.7,1.581.993,2.388l-5.042-.207c-.456-.441-.917-.872-1.381-1.283Zm-.753,5.5c-.5-.568-1.019-1.139-1.552-1.7l3.949.163c.245.779.46,1.54.652,2.284l-2.906-.741A.6.6,0,0,0,58.005,14.913Zm-2.765-.673c.626.665,1.242,1.342,1.835,2.026l-.433,3.19a18.592,18.592,0,0,0-1.979-.369ZM58.457,17.9c.855,1.046,1.635,2.056,2.326,2.982a27.736,27.736,0,0,0-2.6-.989Zm1.272-.941,1.744.444c.194.874.349,1.679.473,2.4C61.326,18.969,60.582,18.006,59.73,16.961ZM47.112,1.869a9.978,9.978,0,0,1,2.295-.28,7.725,7.725,0,0,1,1.046.107L44.707,5.023a2.505,2.505,0,0,1,.221-1.154A3.821,3.821,0,0,1,47.112,1.869Zm-6.5,7.871a5.316,5.316,0,0,1,2.443-1.881l-1.76,8.7a5.972,5.972,0,0,1-1.118-2.324A5.426,5.426,0,0,1,40.607,9.74Zm11.469,9.213c-.434.008-.846.011-1.253.011l1.156-7.853q.923.79,1.832,1.681l-.735,6.194c-.2-.006-.382-.037-.578-.037Z\" fill=\"#967145\"><\/path><\/g><\/svg>\t\t\t<\/div>\n\t\t<\/div>\n\t\t\t\t\t\t<\/div>\n\t\t\t\t<\/div>\n\t\t\t\t<div class=\"elementor-element elementor-element-5732061 elementor-widget elementor-widget-heading\" data-id=\"5732061\" data-element_type=\"widget\" data-widget_type=\"heading.default\">\n\t\t\t\t<div class=\"elementor-widget-container\">\n\t\t\t\t\t<h2 class=\"elementor-heading-title elementor-size-default\">Down from Puig<\/h2>\t\t\t\t<\/div>\n\t\t\t\t<\/div>\n\t\t\t\t<div class=\"elementor-element elementor-element-7b57044 elementor-widget elementor-widget-heading\" data-id=\"7b57044\" data-element_type=\"widget\" data-widget_type=\"heading.default\">\n\t\t\t\t<div class=\"elementor-widget-container\">\n\t\t\t\t\t<h2 class=\"elementor-heading-title elementor-size-default\">A CORNER WITH HISTORICAL CHARM<\/h2>\t\t\t\t<\/div>\n\t\t\t\t<\/div>\n\t\t\t\t<div class=\"elementor-element elementor-element-3ec56a2 elementor-widget elementor-widget-text-editor\" data-id=\"3ec56a2\" data-element_type=\"widget\" data-widget_type=\"text-editor.default\">\n\t\t\t\t<div class=\"elementor-widget-container\">\n\t\t\t\t\t\t\t\t\t<p>Located on the road from Bunyola to Santa Maria del Cam\u00ed, Baix des Puig is a small village surrounded by the possessions of Estremera Vella, Cab\u00e0s and Son Sureda. Its name comes from its location under Puig de l&#8217;Estremera, and its inhabitants are known as baixputchers or putchers. This place, with historical roots that go back to the second half of the 19th century, offers an authentic view of Mallorcan rural life.  <\/p>\n\t\t\t\t\t\t\t\t<\/div>\n\t\t\t\t<\/div>\n\t\t\t\t\t<\/div>\n\t\t\t\t<\/div>\n\t\t<div class=\"elementor-element elementor-element-47fd456 e-con-full e-flex e-con e-parent\" data-id=\"47fd456\" data-element_type=\"container\" data-settings=\"{&quot;background_background&quot;:&quot;classic&quot;,&quot;jet_parallax_layout_list&quot;:[]}\">\n\t\t\t\t<\/div>\n\t\t<div class=\"elementor-element elementor-element-a8d34af e-flex e-con-boxed e-con e-parent\" data-id=\"a8d34af\" data-element_type=\"container\" data-settings=\"{&quot;jet_parallax_layout_list&quot;:[]}\">\n\t\t\t\t\t<div class=\"e-con-inner\">\n\t\t\t\t<div class=\"elementor-element elementor-element-576388d elementor-widget elementor-widget-heading\" data-id=\"576388d\" data-element_type=\"widget\" data-widget_type=\"heading.default\">\n\t\t\t\t<div class=\"elementor-widget-container\">\n\t\t\t\t\t<h2 class=\"elementor-heading-title elementor-size-default\">What can be seen in Baix des Puig<\/h2>\t\t\t\t<\/div>\n\t\t\t\t<\/div>\n\t\t\t\t<div class=\"elementor-element elementor-element-061e4df elementor-widget elementor-widget-heading\" data-id=\"061e4df\" data-element_type=\"widget\" data-widget_type=\"heading.default\">\n\t\t\t\t<div class=\"elementor-widget-container\">\n\t\t\t\t\t<h2 class=\"elementor-heading-title elementor-size-default\">POINTS OF INTEREST<\/h2>\t\t\t\t<\/div>\n\t\t\t\t<\/div>\n\t\t\t\t<div class=\"elementor-element elementor-element-be3ca7d elementor-widget elementor-widget-text-editor\" data-id=\"be3ca7d\" data-element_type=\"widget\" data-widget_type=\"text-editor.default\">\n\t\t\t\t<div class=\"elementor-widget-container\">\n\t\t\t\t\t\t\t\t\t<h4>Traditional Architecture<\/h4>\n<p>Baix des Puig is made up of several historic houses that reflect the essence of the village&#8217;s past. Among the most prominent are Cas Cuc, Can Nadal, Can Quino, Can Deianet, Son Vivot Nou, Can Pau Soll, Can Toni Cuc, Ca la Moreta, Cal sen Pere Parr\u00f3, Cal sen Mateu Cabellera, Can Parr\u00f3 Nou, Can Parr\u00f3 Vell , Can Roqueta, Can Vent, Can Peloni, Ca Mad\u00f2 Borrallona, \u200b\u200bCan Pep Cabellera, Can Niell, Can Jaume Sineuer, Can Mevet, Can Loi and Can Pinet. <\/p>\n<h4>The Unitarian School<\/h4>\n<p>Built in the 1930s, the former unitary school located in Ca la Moreta is a testament to the community&#8217;s efforts to guarantee the education of its children. Today, this building evokes memories of times past and is an essential part of the village&#8217;s history. <\/p>\n\t\t\t\t\t\t\t\t<\/div>\n\t\t\t\t<\/div>\n\t\t\t\t\t<\/div>\n\t\t\t\t<\/div>\n\t\t<div class=\"elementor-element elementor-element-567ed0d e-flex e-con-boxed e-con e-parent\" data-id=\"567ed0d\" data-element_type=\"container\" data-settings=\"{&quot;jet_parallax_layout_list&quot;:[],&quot;background_background&quot;:&quot;classic&quot;}\">\n\t\t\t\t\t<div class=\"e-con-inner\">\n\t\t\t\t<div class=\"elementor-element elementor-element-824c6aa elementor-widget elementor-widget-heading\" data-id=\"824c6aa\" data-element_type=\"widget\" data-widget_type=\"heading.default\">\n\t\t\t\t<div class=\"elementor-widget-container\">\n\t\t\t\t\t<h2 class=\"elementor-heading-title elementor-size-default\">Popular Culture<\/h2>\t\t\t\t<\/div>\n\t\t\t\t<\/div>\n\t\t\t\t<div class=\"elementor-element elementor-element-c910f43 elementor-widget elementor-widget-heading\" data-id=\"c910f43\" data-element_type=\"widget\" data-widget_type=\"heading.default\">\n\t\t\t\t<div class=\"elementor-widget-container\">\n\t\t\t\t\t<h2 class=\"elementor-heading-title elementor-size-default\">TRADITIONS AND LEGENDS<\/h2>\t\t\t\t<\/div>\n\t\t\t\t<\/div>\n\t\t\t\t<div class=\"elementor-element elementor-element-e4724f5 elementor-widget elementor-widget-text-editor\" data-id=\"e4724f5\" data-element_type=\"widget\" data-widget_type=\"text-editor.default\">\n\t\t\t\t<div class=\"elementor-widget-container\">\n\t\t\t\t\t\t\t\t\t<p><strong>Baix des Puig stands out not only for its architecture, but also for its cultural wealth. One of Bunyola&#8217;s most well-known popular expressions says: &#8220;Baixputchers carry the sack for gaiato&#8221;. This saying refers to the habit of the inhabitants of Baix des Puig to collect everything they found along the way, such as snails, asparagus, almonds, carobs and olives, and put them in a sack that they always carried with them.  <\/strong><\/p>\n\t\t\t\t\t\t\t\t<\/div>\n\t\t\t\t<\/div>\n\t\t\t\t<div class=\"elementor-element elementor-element-04c61f1 elementor-widget elementor-widget-text-editor\" data-id=\"04c61f1\" data-element_type=\"widget\" data-widget_type=\"text-editor.default\">\n\t\t\t\t<div class=\"elementor-widget-container\">\n\t\t\t\t\t\t\t\t\t<p>Today, despite its small population, Baix des Puig keeps its community spirit and cultural heritage alive. A visit to this village is a journey through time, where every corner tells a story and every house keeps memories of a past that is still present in the collective memory of its inhabitants. <\/p>\n<p>Baix des Puig is undoubtedly a charming place worth discovering, offering a genuine insight into traditional Mallorcan life in a privileged setting.<\/p>\n\t\t\t\t\t\t\t\t<\/div>\n\t\t\t\t<\/div>\n\t\t<div class=\"elementor-element elementor-element-b4170f3 e-con-full e-flex e-con e-child\" data-id=\"b4170f3\" data-element_type=\"container\" data-settings=\"{&quot;jet_parallax_layout_list&quot;:[]}\">\n\t\t<div class=\"elementor-element elementor-element-b810c3d e-con-full e-flex e-con e-child\" data-id=\"b810c3d\" data-element_type=\"container\" data-settings=\"{&quot;background_background&quot;:&quot;classic&quot;,&quot;jet_parallax_layout_list&quot;:[]}\">\n\t\t<div class=\"elementor-element elementor-element-147b283 e-con-full e-flex e-con e-child\" data-id=\"147b283\" data-element_type=\"container\" data-settings=\"{&quot;jet_parallax_layout_list&quot;:[]}\">\n\t\t<div class=\"elementor-element elementor-element-732125b e-con-full e-flex e-con e-child\" data-id=\"732125b\" data-element_type=\"container\" data-settings=\"{&quot;jet_parallax_layout_list&quot;:[]}\">\n\t\t\t\t<div class=\"elementor-element elementor-element-9cb56ff elementor-widget elementor-widget-heading\" data-id=\"9cb56ff\" data-element_type=\"widget\" data-widget_type=\"heading.default\">\n\t\t\t\t<div class=\"elementor-widget-container\">\n\t\t\t\t\t<h3 class=\"elementor-heading-title elementor-size-default\">A Journey to the Past<\/h3>\t\t\t\t<\/div>\n\t\t\t\t<\/div>\n\t\t\t\t<div class=\"elementor-element elementor-element-9ec7f0e elementor-widget elementor-widget-text-editor\" data-id=\"9ec7f0e\" data-element_type=\"widget\" data-widget_type=\"text-editor.default\">\n\t\t\t\t<div class=\"elementor-widget-container\">\n\t\t\t\t\t\t\t\t\t<p><strong>The history of Baix des Puig goes back to the establishment of estates such as Son Vivot, Son Sales and Son Pisa from the second half of the 19th century, although the establishments of Estremera Vella from the 17th century also played a role important role In 1924, the hamlet had 69 inhabitants, but in the second half of the 20th century, the population dwindled considerably, with only nine residents remaining by the end of the century. <\/strong><\/p>\n\t\t\t\t\t\t\t\t<\/div>\n\t\t\t\t<\/div>\n\t\t\t\t<\/div>\n\t\t\t\t<\/div>\n\t\t\t\t<\/div>\n\t\t\t\t<\/div>\n\t\t<div class=\"elementor-element elementor-element-3e3e7e7 e-con-full e-flex e-con e-child\" data-id=\"3e3e7e7\" data-element_type=\"container\" data-settings=\"{&quot;jet_parallax_layout_list&quot;:[]}\">\n\t\t<div class=\"elementor-element elementor-element-82e9c64 e-con-full e-flex e-con e-child\" data-id=\"82e9c64\" data-element_type=\"container\" data-settings=\"{&quot;background_background&quot;:&quot;classic&quot;,&quot;jet_parallax_layout_list&quot;:[]}\">\n\t\t<div class=\"elementor-element elementor-element-724abb9 e-con-full e-flex e-con e-child\" data-id=\"724abb9\" data-element_type=\"container\" data-settings=\"{&quot;jet_parallax_layout_list&quot;:[]}\">\n\t\t<div class=\"elementor-element elementor-element-81df2b7 e-con-full e-flex e-con e-child\" data-id=\"81df2b7\" data-element_type=\"container\" data-settings=\"{&quot;jet_parallax_layout_list&quot;:[]}\">\n\t\t\t\t<div class=\"elementor-element elementor-element-2a34421 elementor-widget elementor-widget-heading\" data-id=\"2a34421\" data-element_type=\"widget\" data-widget_type=\"heading.default\">\n\t\t\t\t<div class=\"elementor-widget-container\">\n\t\t\t\t\t<h3 class=\"elementor-heading-title elementor-size-default\">A Natural and Authentic Environment<\/h3>\t\t\t\t<\/div>\n\t\t\t\t<\/div>\n\t\t\t\t<div class=\"elementor-element elementor-element-d9ddd2e elementor-widget elementor-widget-text-editor\" data-id=\"d9ddd2e\" data-element_type=\"widget\" data-widget_type=\"text-editor.default\">\n\t\t\t\t<div class=\"elementor-widget-container\">\n\t\t\t\t\t\t\t\t\t<p><strong>Baix des Puig is a place where nature and history meet in harmony. The village offers a unique experience for lovers of tranquility and rural beauty. Its paths and landscapes invite you to stroll and discover the cultural and natural wealth of the area.  <\/strong><\/p>\n\t\t\t\t\t\t\t\t<\/div>\n\t\t\t\t<\/div>\n\t\t\t\t<\/div>\n\t\t\t\t<\/div>\n\t\t\t\t<\/div>\n\t\t\t\t<\/div>\n\t\t\t\t\t<\/div>\n\t\t\t\t<\/div>\n\t\t\t\t<\/div>\n\t\t","protected":false},"excerpt":{"rendered":"<p>Down from Puig BELOW THE PUIG DE LA ESTREMERA Down from Puig A CORNER WITH HISTORICAL CHARM Located on the road from Bunyola to Santa Maria del Cam\u00ed, Baix des Puig is a small village surrounded by the possessions of Estremera Vella, Cab\u00e0s and Son Sureda. Its name comes from its location under Puig de [&hellip;]<\/p>\n","protected":false},"author":2,"featured_media":0,"parent":0,"menu_order":0,"comment_status":"closed","ping_status":"closed","template":"","meta":{"_acf_changed":false,"footnotes":""},"class_list":["post-1857","page","type-page","status-publish","hentry"],"acf":[],"_links":{"self":[{"href":"https:\/\/www.visitbunyola.com\/en\/wp-json\/wp\/v2\/pages\/1857","targetHints":{"allow":["GET"]}}],"collection":[{"href":"https:\/\/www.visitbunyola.com\/en\/wp-json\/wp\/v2\/pages"}],"about":[{"href":"https:\/\/www.visitbunyola.com\/en\/wp-json\/wp\/v2\/types\/page"}],"author":[{"embeddable":true,"href":"https:\/\/www.visitbunyola.com\/en\/wp-json\/wp\/v2\/users\/2"}],"replies":[{"embeddable":true,"href":"https:\/\/www.visitbunyola.com\/en\/wp-json\/wp\/v2\/comments?post=1857"}],"version-history":[{"count":1,"href":"https:\/\/www.visitbunyola.com\/en\/wp-json\/wp\/v2\/pages\/1857\/revisions"}],"predecessor-version":[{"id":1859,"href":"https:\/\/www.visitbunyola.com\/en\/wp-json\/wp\/v2\/pages\/1857\/revisions\/1859"}],"wp:attachment":[{"href":"https:\/\/www.visitbunyola.com\/en\/wp-json\/wp\/v2\/media?parent=1857"}],"curies":[{"name":"wp","href":"https:\/\/api.w.org\/{rel}","templated":true}]}}